{"id":12207,"date":"2021-07-14T14:20:28","date_gmt":"2021-07-14T12:20:28","guid":{"rendered":"https:\/\/you-charity.de\/elements-de-modele-2\/"},"modified":"2021-08-18T19:56:26","modified_gmt":"2021-08-18T17:56:26","slug":"elements-de-modele-2","status":"publish","type":"page","link":"https:\/\/you-stiftung.de\/fr\/elements-de-modele-2\/","title":{"rendered":"\u00c9l\u00e9ments de mod\u00e8le"},"content":{"rendered":"\t\t<div data-elementor-type=\"wp-page\" data-elementor-id=\"12207\" class=\"elementor elementor-12207 elementor-10693\" data-elementor-post-type=\"page\">\n\t\t\t\t\t\t<section class=\"elementor-section elementor-top-section elementor-element elementor-element-8074569 elementor-section-boxed elementor-section-height-default elementor-section-height-default\" data-id=\"8074569\" data-element_type=\"section\">\n\t\t\t\t\t\t<div class=\"elementor-container elementor-column-gap-default\">\n\t\t\t\t\t<div class=\"elementor-column elementor-col-50 elementor-top-column elementor-element elementor-element-7c2d03d\" data-id=\"7c2d03d\" data-element_type=\"column\" data-settings=\"{&quot;background_background&quot;:&quot;slideshow&quot;,&quot;background_slideshow_gallery&quot;:[],&quot;background_slideshow_loop&quot;:&quot;yes&quot;,&quot;background_slideshow_slide_duration&quot;:5000,&quot;background_slideshow_slide_transition&quot;:&quot;fade&quot;,&quot;background_slideshow_transition_duration&quot;:500}\">\n\t\t\t<div class=\"elementor-widget-wrap elementor-element-populated\">\n\t\t\t\t\t\t<div class=\"elementor-element elementor-element-cc6cc23 elementor-widget elementor-widget-image\" data-id=\"cc6cc23\" data-element_type=\"widget\" data-widget_type=\"image.default\">\n\t\t\t\t<div class=\"elementor-widget-container\">\n\t\t\t\t\t\t\t\t\t\t\t\t\t\t\t<img fetchpriority=\"high\" decoding=\"async\" width=\"850\" height=\"638\" src=\"https:\/\/you-stiftung.de\/wp-content\/uploads\/2021\/07\/Das-Baby-hat-zugenommen.jpeg\" class=\"attachment-full size-full wp-image-11824\" alt=\"Das Baby hat zugenommen\" srcset=\"https:\/\/you-stiftung.de\/wp-content\/uploads\/2021\/07\/Das-Baby-hat-zugenommen.jpeg 850w, https:\/\/you-stiftung.de\/wp-content\/uploads\/2021\/07\/Das-Baby-hat-zugenommen-300x225.jpeg 300w, https:\/\/you-stiftung.de\/wp-content\/uploads\/2021\/07\/Das-Baby-hat-zugenommen-768x576.jpeg 768w\" sizes=\"(max-width: 850px) 100vw, 850px\" \/>\t\t\t\t\t\t\t\t\t\t\t\t\t\t\t<\/div>\n\t\t\t\t<\/div>\n\t\t\t\t<div class=\"elementor-element elementor-element-c6c5d83 elementor-widget elementor-widget-text-editor\" data-id=\"c6c5d83\" data-element_type=\"widget\" data-widget_type=\"text-editor.default\">\n\t\t\t\t<div class=\"elementor-widget-container\">\n\t\t\t\t\t\t\t\t\t<p>Ce grand projet contient six objectifs pour augmenter la r\u00e9silience des personnes vivant dans la r\u00e9gion frontali\u00e8re entre le Burkina Faso et le Mali :<\/p>\n<p>Les six objectifs de ce projet sont des th\u00e8mes primordiaux et adh\u00e8rent aux objectifs durables suivants\u00a0:<\/p>\n<p>1.) Formation et autonomisation (renforcement)<\/p>\n<p>2.) Aide \u00e0 l&rsquo;auto-assistance gr\u00e2ce \u00e0 des mesures g\u00e9n\u00e9ratrices de revenus<\/p>\n<p>3.) S\u00e9curit\u00e9 alimentaire \u2013 Mettre fin \u00e0 la famine<\/p>\n<p>4.) Mobilit\u00e9 et logistique<\/p>\n<p>5.) Sensibilisation \u00e0 la protection du climat et r\u00e9silience accrue face au changement climatique<\/p>\n<p>6.) Le sport pour les enfants vivant dans les r\u00e9gions frontali\u00e8res pour promouvoir la paix et les dialogues culturels<\/p>\n<p><strong>\u00ab Les enfants prennent du poids \u00bb avec ce 3e objectif S\u00e9curit\u00e9 alimentaire \u2013 En finir avec la famine, 2020 a commenc\u00e9 et montre d\u00e9j\u00e0 des premiers r\u00e9sultats.<\/strong><\/p>\n<p>Le Mali et le Burkina Faso font partie des pays les plus pauvres du monde (IDH \u2013 Indice de d\u00e9veloppement humain : Burkina Faso 182 sur 189 \/ Mali 184 sur 189) et seul un tr\u00e8s petit nombre de citoyens ont acc\u00e8s \u00e0 l&rsquo;\u00e9ducation, \u00e0 la formation et aux services de sant\u00e9. Les activit\u00e9s g\u00e9n\u00e9ratrices de revenus ne sont pas facilement disponibles. La famine due \u00e0 l&rsquo;ins\u00e9curit\u00e9 alimentaire et l&rsquo;extr\u00eame pauvret\u00e9, due au manque d&rsquo;acc\u00e8s \u00e0 l&rsquo;\u00e9ducation, sont une dure r\u00e9alit\u00e9 de la vie quotidienne et les opportunit\u00e9s de mobilit\u00e9 et de logistique sont rarement disponibles. Le manque de connaissances et le syst\u00e8me \u00e9ducatif extr\u00eamement pauvre cr\u00e9ent une situation de pollution et d&rsquo;utilisation non durable des ressources, ainsi que le manque de mesures n\u00e9cessaires pour lutter contre le changement climatique, en particulier dans le secteur agricole, qui continue de se d\u00e9t\u00e9riorer.<\/p>\n<p>La strat\u00e9gie pour l&rsquo;ex\u00e9cution de ce projet est bas\u00e9e sur une approche participative et holistique avec la contribution de toutes les parties concern\u00e9es. Le partenariat entre les b\u00e9n\u00e9ficiaires sera renforc\u00e9 par la cr\u00e9ation de comit\u00e9s.<\/p>\n\t\t\t\t\t\t\t\t<\/div>\n\t\t\t\t<\/div>\n\t\t\t\t\t<\/div>\n\t\t<\/div>\n\t\t\t\t<div class=\"elementor-column elementor-col-50 elementor-top-column elementor-element elementor-element-07cc84d\" data-id=\"07cc84d\" data-element_type=\"column\" data-settings=\"{&quot;background_background&quot;:&quot;classic&quot;}\">\n\t\t\t<div class=\"elementor-widget-wrap elementor-element-populated\">\n\t\t\t\t\t\t<div class=\"elementor-element elementor-element-48f6bd5 elementor-widget elementor-widget-ova_heading\" data-id=\"48f6bd5\" data-element_type=\"widget\" data-widget_type=\"ova_heading.default\">\n\t\t\t\t<div class=\"elementor-widget-container\">\n\t\t\t\t\t\t\t<div class=\"ova-heading\">\n\n\t\t\t\t\t\t\t<h4 class=\"sub_title thrid_font\">Help Now<\/h4>\n\t\t\t\t\t\t\n\t\t\t\t\t\t\t<h2 class=\"title second_font\">We use your donation directly where help is most urgently needed.<\/h2>\n\t\t\t\n\t\t\t\n\t\t<\/div>\n\t\t\t\t\t\t<\/div>\n\t\t\t\t<\/div>\n\t\t\t\t<div class=\"elementor-element elementor-element-d6291d3 elementor-align-center elementor-tablet-align-center elementor-widget elementor-widget-button\" data-id=\"d6291d3\" data-element_type=\"widget\" data-widget_type=\"button.default\">\n\t\t\t\t<div class=\"elementor-widget-container\">\n\t\t\t\t\t\t\t\t\t<div class=\"elementor-button-wrapper\">\n\t\t\t\t\t<a class=\"elementor-button elementor-button-link elementor-size-md\" href=\"https:\/\/you-stiftung.de\/fr\/formulaire-de-don-2\/\">\n\t\t\t\t\t\t<span class=\"elementor-button-content-wrapper\">\n\t\t\t\t\t\t\t\t\t<span class=\"elementor-button-text\">Impliquez-vous maintenant<\/span>\n\t\t\t\t\t<\/span>\n\t\t\t\t\t<\/a>\n\t\t\t\t<\/div>\n\t\t\t\t\t\t\t\t<\/div>\n\t\t\t\t<\/div>\n\t\t\t\t\t<\/div>\n\t\t<\/div>\n\t\t\t\t\t<\/div>\n\t\t<\/section>\n\t\t\t\t<section class=\"elementor-section elementor-top-section elementor-element elementor-element-9e7e7b7 elementor-section-boxed elementor-section-height-default elementor-section-height-default\" data-id=\"9e7e7b7\" data-element_type=\"section\">\n\t\t\t\t\t\t<div class=\"elementor-container elementor-column-gap-default\">\n\t\t\t\t\t<div class=\"elementor-column elementor-col-100 elementor-top-column elementor-element elementor-element-0c0c190\" data-id=\"0c0c190\" data-element_type=\"column\">\n\t\t\t<div class=\"elementor-widget-wrap elementor-element-populated\">\n\t\t\t\t\t\t<div class=\"elementor-element elementor-element-26bb2f6 elementor-widget elementor-widget-spacer\" data-id=\"26bb2f6\" data-element_type=\"widget\" data-widget_type=\"spacer.default\">\n\t\t\t\t<div class=\"elementor-widget-container\">\n\t\t\t\t\t\t\t<div class=\"elementor-spacer\">\n\t\t\t<div class=\"elementor-spacer-inner\"><\/div>\n\t\t<\/div>\n\t\t\t\t\t\t<\/div>\n\t\t\t\t<\/div>\n\t\t\t\t\t<\/div>\n\t\t<\/div>\n\t\t\t\t\t<\/div>\n\t\t<\/section>\n\t\t\t\t<\/div>\n\t\t","protected":false},"excerpt":{"rendered":"<p>Ce grand projet contient six objectifs pour augmenter la r\u00e9silience des personnes vivant dans la r\u00e9gion frontali\u00e8re entre le Burkina Faso et le Mali : Les six objectifs de ce projet sont des th\u00e8mes primordiaux et adh\u00e8rent aux objectifs durables suivants\u00a0: 1.) Formation et autonomisation (renforcement) 2.) Aide \u00e0 l&rsquo;auto-assistance gr\u00e2ce \u00e0 des mesures g\u00e9n\u00e9ratrices [&hellip;]<\/p>\n","protected":false},"author":18,"featured_media":0,"parent":0,"menu_order":0,"comment_status":"closed","ping_status":"closed","template":"elementor_header_footer","meta":{"footnotes":""},"class_list":["post-12207","page","type-page","status-publish","hentry"],"yoast_head":"<!-- This site is optimized with the Yoast SEO plugin v27.4 - https:\/\/yoast.com\/product\/yoast-seo-wordpress\/ -->\n<title>\u00c9l\u00e9ments de mod\u00e8le &#8211; You Stiftung<\/title>\n<meta name=\"robots\" content=\"index, follow, max-snippet:-1, max-image-preview:large, max-video-preview:-1\" \/>\n<link rel=\"canonical\" href=\"https:\/\/you-stiftung.de\/fr\/elements-de-modele-2\/\" \/>\n<meta property=\"og:locale\" content=\"fr_FR\" \/>\n<meta property=\"og:type\" content=\"article\" \/>\n<meta property=\"og:title\" content=\"\u00c9l\u00e9ments de mod\u00e8le &#8211; You Stiftung\" \/>\n<meta property=\"og:description\" content=\"Ce grand projet contient six objectifs pour augmenter la r\u00e9silience des personnes vivant dans la r\u00e9gion frontali\u00e8re entre le Burkina Faso et le Mali : Les six objectifs de ce projet sont des th\u00e8mes primordiaux et adh\u00e8rent aux objectifs durables suivants\u00a0: 1.) Formation et autonomisation (renforcement) 2.) Aide \u00e0 l&rsquo;auto-assistance gr\u00e2ce \u00e0 des mesures g\u00e9n\u00e9ratrices [&hellip;]\" \/>\n<meta property=\"og:url\" content=\"https:\/\/you-stiftung.de\/fr\/elements-de-modele-2\/\" \/>\n<meta property=\"og:site_name\" content=\"You Stiftung\" \/>\n<meta property=\"article:publisher\" content=\"https:\/\/www.facebook.com\/youstiftung\" \/>\n<meta property=\"article:modified_time\" content=\"2021-08-18T17:56:26+00:00\" \/>\n<meta property=\"og:image\" content=\"https:\/\/you-stiftung.de\/wp-content\/uploads\/2021\/07\/Das-Baby-hat-zugenommen.jpeg\" \/>\n<meta name=\"twitter:card\" content=\"summary_large_image\" \/>\n<meta name=\"twitter:label1\" content=\"Dur\u00e9e de lecture estim\u00e9e\" \/>\n\t<meta name=\"twitter:data1\" content=\"2 minutes\" \/>\n<script type=\"application\/ld+json\" class=\"yoast-schema-graph\">{\"@context\":\"https:\\\/\\\/schema.org\",\"@graph\":[{\"@type\":\"WebPage\",\"@id\":\"https:\\\/\\\/you-stiftung.de\\\/fr\\\/elements-de-modele-2\\\/\",\"url\":\"https:\\\/\\\/you-stiftung.de\\\/fr\\\/elements-de-modele-2\\\/\",\"name\":\"\u00c9l\u00e9ments de mod\u00e8le &#8211; You Stiftung\",\"isPartOf\":{\"@id\":\"https:\\\/\\\/you-stiftung.de\\\/#website\"},\"primaryImageOfPage\":{\"@id\":\"https:\\\/\\\/you-stiftung.de\\\/fr\\\/elements-de-modele-2\\\/#primaryimage\"},\"image\":{\"@id\":\"https:\\\/\\\/you-stiftung.de\\\/fr\\\/elements-de-modele-2\\\/#primaryimage\"},\"thumbnailUrl\":\"https:\\\/\\\/you-stiftung.de\\\/wp-content\\\/uploads\\\/2021\\\/07\\\/Das-Baby-hat-zugenommen.jpeg\",\"datePublished\":\"2021-07-14T12:20:28+00:00\",\"dateModified\":\"2021-08-18T17:56:26+00:00\",\"breadcrumb\":{\"@id\":\"https:\\\/\\\/you-stiftung.de\\\/fr\\\/elements-de-modele-2\\\/#breadcrumb\"},\"inLanguage\":\"fr-FR\",\"potentialAction\":[{\"@type\":\"ReadAction\",\"target\":[\"https:\\\/\\\/you-stiftung.de\\\/fr\\\/elements-de-modele-2\\\/\"]}]},{\"@type\":\"ImageObject\",\"inLanguage\":\"fr-FR\",\"@id\":\"https:\\\/\\\/you-stiftung.de\\\/fr\\\/elements-de-modele-2\\\/#primaryimage\",\"url\":\"https:\\\/\\\/you-stiftung.de\\\/wp-content\\\/uploads\\\/2021\\\/07\\\/Das-Baby-hat-zugenommen.jpeg\",\"contentUrl\":\"https:\\\/\\\/you-stiftung.de\\\/wp-content\\\/uploads\\\/2021\\\/07\\\/Das-Baby-hat-zugenommen.jpeg\"},{\"@type\":\"BreadcrumbList\",\"@id\":\"https:\\\/\\\/you-stiftung.de\\\/fr\\\/elements-de-modele-2\\\/#breadcrumb\",\"itemListElement\":[{\"@type\":\"ListItem\",\"position\":1,\"name\":\"Home\",\"item\":\"https:\\\/\\\/you-stiftung.de\\\/fr\\\/accueil-fr\\\/\"},{\"@type\":\"ListItem\",\"position\":2,\"name\":\"\u00c9l\u00e9ments de mod\u00e8le\"}]},{\"@type\":\"WebSite\",\"@id\":\"https:\\\/\\\/you-stiftung.de\\\/#website\",\"url\":\"https:\\\/\\\/you-stiftung.de\\\/\",\"name\":\"YOU Stiftung\",\"description\":\"Bildung f\u00fcr Kinder in Not\",\"publisher\":{\"@id\":\"https:\\\/\\\/you-stiftung.de\\\/#organization\"},\"potentialAction\":[{\"@type\":\"SearchAction\",\"target\":{\"@type\":\"EntryPoint\",\"urlTemplate\":\"https:\\\/\\\/you-stiftung.de\\\/?s={search_term_string}\"},\"query-input\":{\"@type\":\"PropertyValueSpecification\",\"valueRequired\":true,\"valueName\":\"search_term_string\"}}],\"inLanguage\":\"fr-FR\"},{\"@type\":\"Organization\",\"@id\":\"https:\\\/\\\/you-stiftung.de\\\/#organization\",\"name\":\"YOU Stiftung\",\"url\":\"https:\\\/\\\/you-stiftung.de\\\/\",\"logo\":{\"@type\":\"ImageObject\",\"inLanguage\":\"fr-FR\",\"@id\":\"https:\\\/\\\/you-stiftung.de\\\/#\\\/schema\\\/logo\\\/image\\\/\",\"url\":\"https:\\\/\\\/you-stiftung.de\\\/wp-content\\\/uploads\\\/2021\\\/02\\\/YOU_Logo_pos_RGB_deutsch_RZ.png\",\"contentUrl\":\"https:\\\/\\\/you-stiftung.de\\\/wp-content\\\/uploads\\\/2021\\\/02\\\/YOU_Logo_pos_RGB_deutsch_RZ.png\",\"width\":729,\"height\":449,\"caption\":\"YOU Stiftung\"},\"image\":{\"@id\":\"https:\\\/\\\/you-stiftung.de\\\/#\\\/schema\\\/logo\\\/image\\\/\"},\"sameAs\":[\"https:\\\/\\\/www.facebook.com\\\/youstiftung\",\"https:\\\/\\\/www.instagram.com\\\/youstiftung\"]}]}<\/script>\n<!-- \/ Yoast SEO plugin. -->","yoast_head_json":{"title":"\u00c9l\u00e9ments de mod\u00e8le &#8211; You Stiftung","robots":{"index":"index","follow":"follow","max-snippet":"max-snippet:-1","max-image-preview":"max-image-preview:large","max-video-preview":"max-video-preview:-1"},"canonical":"https:\/\/you-stiftung.de\/fr\/elements-de-modele-2\/","og_locale":"fr_FR","og_type":"article","og_title":"\u00c9l\u00e9ments de mod\u00e8le &#8211; You Stiftung","og_description":"Ce grand projet contient six objectifs pour augmenter la r\u00e9silience des personnes vivant dans la r\u00e9gion frontali\u00e8re entre le Burkina Faso et le Mali : Les six objectifs de ce projet sont des th\u00e8mes primordiaux et adh\u00e8rent aux objectifs durables suivants\u00a0: 1.) Formation et autonomisation (renforcement) 2.) Aide \u00e0 l&rsquo;auto-assistance gr\u00e2ce \u00e0 des mesures g\u00e9n\u00e9ratrices [&hellip;]","og_url":"https:\/\/you-stiftung.de\/fr\/elements-de-modele-2\/","og_site_name":"You Stiftung","article_publisher":"https:\/\/www.facebook.com\/youstiftung","article_modified_time":"2021-08-18T17:56:26+00:00","og_image":[{"url":"https:\/\/you-stiftung.de\/wp-content\/uploads\/2021\/07\/Das-Baby-hat-zugenommen.jpeg","type":"","width":"","height":""}],"twitter_card":"summary_large_image","twitter_misc":{"Dur\u00e9e de lecture estim\u00e9e":"2 minutes"},"schema":{"@context":"https:\/\/schema.org","@graph":[{"@type":"WebPage","@id":"https:\/\/you-stiftung.de\/fr\/elements-de-modele-2\/","url":"https:\/\/you-stiftung.de\/fr\/elements-de-modele-2\/","name":"\u00c9l\u00e9ments de mod\u00e8le &#8211; You Stiftung","isPartOf":{"@id":"https:\/\/you-stiftung.de\/#website"},"primaryImageOfPage":{"@id":"https:\/\/you-stiftung.de\/fr\/elements-de-modele-2\/#primaryimage"},"image":{"@id":"https:\/\/you-stiftung.de\/fr\/elements-de-modele-2\/#primaryimage"},"thumbnailUrl":"https:\/\/you-stiftung.de\/wp-content\/uploads\/2021\/07\/Das-Baby-hat-zugenommen.jpeg","datePublished":"2021-07-14T12:20:28+00:00","dateModified":"2021-08-18T17:56:26+00:00","breadcrumb":{"@id":"https:\/\/you-stiftung.de\/fr\/elements-de-modele-2\/#breadcrumb"},"inLanguage":"fr-FR","potentialAction":[{"@type":"ReadAction","target":["https:\/\/you-stiftung.de\/fr\/elements-de-modele-2\/"]}]},{"@type":"ImageObject","inLanguage":"fr-FR","@id":"https:\/\/you-stiftung.de\/fr\/elements-de-modele-2\/#primaryimage","url":"https:\/\/you-stiftung.de\/wp-content\/uploads\/2021\/07\/Das-Baby-hat-zugenommen.jpeg","contentUrl":"https:\/\/you-stiftung.de\/wp-content\/uploads\/2021\/07\/Das-Baby-hat-zugenommen.jpeg"},{"@type":"BreadcrumbList","@id":"https:\/\/you-stiftung.de\/fr\/elements-de-modele-2\/#breadcrumb","itemListElement":[{"@type":"ListItem","position":1,"name":"Home","item":"https:\/\/you-stiftung.de\/fr\/accueil-fr\/"},{"@type":"ListItem","position":2,"name":"\u00c9l\u00e9ments de mod\u00e8le"}]},{"@type":"WebSite","@id":"https:\/\/you-stiftung.de\/#website","url":"https:\/\/you-stiftung.de\/","name":"YOU Stiftung","description":"Bildung f\u00fcr Kinder in Not","publisher":{"@id":"https:\/\/you-stiftung.de\/#organization"},"potentialAction":[{"@type":"SearchAction","target":{"@type":"EntryPoint","urlTemplate":"https:\/\/you-stiftung.de\/?s={search_term_string}"},"query-input":{"@type":"PropertyValueSpecification","valueRequired":true,"valueName":"search_term_string"}}],"inLanguage":"fr-FR"},{"@type":"Organization","@id":"https:\/\/you-stiftung.de\/#organization","name":"YOU Stiftung","url":"https:\/\/you-stiftung.de\/","logo":{"@type":"ImageObject","inLanguage":"fr-FR","@id":"https:\/\/you-stiftung.de\/#\/schema\/logo\/image\/","url":"https:\/\/you-stiftung.de\/wp-content\/uploads\/2021\/02\/YOU_Logo_pos_RGB_deutsch_RZ.png","contentUrl":"https:\/\/you-stiftung.de\/wp-content\/uploads\/2021\/02\/YOU_Logo_pos_RGB_deutsch_RZ.png","width":729,"height":449,"caption":"YOU Stiftung"},"image":{"@id":"https:\/\/you-stiftung.de\/#\/schema\/logo\/image\/"},"sameAs":["https:\/\/www.facebook.com\/youstiftung","https:\/\/www.instagram.com\/youstiftung"]}]}},"_links":{"self":[{"href":"https:\/\/you-stiftung.de\/fr\/wp-json\/wp\/v2\/pages\/12207","targetHints":{"allow":["GET"]}}],"collection":[{"href":"https:\/\/you-stiftung.de\/fr\/wp-json\/wp\/v2\/pages"}],"about":[{"href":"https:\/\/you-stiftung.de\/fr\/wp-json\/wp\/v2\/types\/page"}],"author":[{"embeddable":true,"href":"https:\/\/you-stiftung.de\/fr\/wp-json\/wp\/v2\/users\/18"}],"replies":[{"embeddable":true,"href":"https:\/\/you-stiftung.de\/fr\/wp-json\/wp\/v2\/comments?post=12207"}],"version-history":[{"count":2,"href":"https:\/\/you-stiftung.de\/fr\/wp-json\/wp\/v2\/pages\/12207\/revisions"}],"predecessor-version":[{"id":12209,"href":"https:\/\/you-stiftung.de\/fr\/wp-json\/wp\/v2\/pages\/12207\/revisions\/12209"}],"wp:attachment":[{"href":"https:\/\/you-stiftung.de\/fr\/wp-json\/wp\/v2\/media?parent=12207"}],"curies":[{"name":"wp","href":"https:\/\/api.w.org\/{rel}","templated":true}]}}